{"id":2486,"date":"2021-12-27T22:25:13","date_gmt":"2021-12-27T22:25:13","guid":{"rendered":"https:\/\/seifgo.com\/mx\/?page_id=2486"},"modified":"2024-04-29T06:40:53","modified_gmt":"2024-04-29T06:40:53","slug":"faq","status":"publish","type":"page","link":"https:\/\/seifgo.com\/mx\/faq\/","title":{"rendered":"Preguntas Frecuentes"},"content":{"rendered":"\t\t<div data-elementor-type=\"wp-page\" data-elementor-id=\"2486\" class=\"elementor elementor-2486\" data-elementor-settings=\"[]\">\n\t\t\t\t\t\t<div class=\"elementor-inner\">\n\t\t\t\t\t\t\t<div class=\"elementor-section-wrap\">\n\t\t\t\t\t\t\t<section class=\"elementor-section elementor-top-section elementor-element elementor-element-c3ef2ec elementor-section-boxed elementor-section-height-default elementor-section-height-default\" data-id=\"c3ef2ec\" data-element_type=\"section\">\n\t\t\t\t\t\t<div class=\"elementor-container elementor-column-gap-default\">\n\t\t\t\t\t\t\t<div class=\"elementor-row\">\n\t\t\t\t\t<div class=\"elementor-column elementor-col-100 elementor-top-column elementor-element elementor-element-6dfc2bd\" data-id=\"6dfc2bd\" data-element_type=\"column\">\n\t\t\t<div class=\"elementor-column-wrap elementor-element-populated\">\n\t\t\t\t\t\t\t<div class=\"elementor-widget-wrap\">\n\t\t\t\t\t\t<div class=\"elementor-element elementor-element-aa20cc5 elementor-widget elementor-widget-image\" data-id=\"aa20cc5\" data-element_type=\"widget\" data-widget_type=\"image.default\">\n\t\t\t\t<div class=\"elementor-widget-container\">\n\t\t\t\t\t\t\t\t<div class=\"elementor-image\">\n\t\t\t\t\t\t\t\t\t\t\t\t<img loading=\"lazy\" decoding=\"async\" width=\"1024\" height=\"391\" src=\"https:\/\/seifgo.com\/mx\/wp-content\/uploads\/2021\/12\/banner-preguntas-frecuentes-SeifGO-1024x391.png\" class=\"attachment-large size-large\" alt=\"\" srcset=\"https:\/\/seifgo.com\/mx\/wp-content\/uploads\/2021\/12\/banner-preguntas-frecuentes-SeifGO-1024x391.png 1024w, https:\/\/seifgo.com\/mx\/wp-content\/uploads\/2021\/12\/banner-preguntas-frecuentes-SeifGO-300x115.png 300w, https:\/\/seifgo.com\/mx\/wp-content\/uploads\/2021\/12\/banner-preguntas-frecuentes-SeifGO-768x293.png 768w, https:\/\/seifgo.com\/mx\/wp-content\/uploads\/2021\/12\/banner-preguntas-frecuentes-SeifGO-1536x587.png 1536w, https:\/\/seifgo.com\/mx\/wp-content\/uploads\/2021\/12\/banner-preguntas-frecuentes-SeifGO-1320x504.png 1320w, https:\/\/seifgo.com\/mx\/wp-content\/uploads\/2021\/12\/banner-preguntas-frecuentes-SeifGO-600x229.png 600w, https:\/\/seifgo.com\/mx\/wp-content\/uploads\/2021\/12\/banner-preguntas-frecuentes-SeifGO.png 2000w\" sizes=\"auto, (max-width: 1024px) 100vw, 1024px\" \/>\t\t\t\t\t\t\t\t\t\t\t\t\t\t<\/div>\n\t\t\t\t\t\t<\/div>\n\t\t\t\t<\/div>\n\t\t\t\t\t\t<\/div>\n\t\t\t\t\t<\/div>\n\t\t<\/div>\n\t\t\t\t\t\t\t\t<\/div>\n\t\t\t\t\t<\/div>\n\t\t<\/section>\n\t\t\t\t<section class=\"elementor-section elementor-top-section elementor-element elementor-element-7755a24 elementor-section-boxed elementor-section-height-default elementor-section-height-default\" data-id=\"7755a24\" data-element_type=\"section\">\n\t\t\t\t\t\t<div class=\"elementor-container elementor-column-gap-default\">\n\t\t\t\t\t\t\t<div class=\"elementor-row\">\n\t\t\t\t\t<div class=\"elementor-column elementor-col-100 elementor-top-column elementor-element elementor-element-f83e211\" data-id=\"f83e211\" data-element_type=\"column\">\n\t\t\t<div class=\"elementor-column-wrap elementor-element-populated\">\n\t\t\t\t\t\t\t<div class=\"elementor-widget-wrap\">\n\t\t\t\t\t\t<div class=\"elementor-element elementor-element-a285ae2 elementor-widget-divider--view-line elementor-widget elementor-widget-divider\" data-id=\"a285ae2\" data-element_type=\"widget\" data-widget_type=\"divider.default\">\n\t\t\t\t<div class=\"elementor-widget-container\">\n\t\t\t\t\t<div class=\"elementor-divider\">\n\t\t\t<span class=\"elementor-divider-separator\">\n\t\t\t\t\t\t<\/span>\n\t\t<\/div>\n\t\t\t\t<\/div>\n\t\t\t\t<\/div>\n\t\t\t\t\t\t<\/div>\n\t\t\t\t\t<\/div>\n\t\t<\/div>\n\t\t\t\t\t\t\t\t<\/div>\n\t\t\t\t\t<\/div>\n\t\t<\/section>\n\t\t\t\t<section class=\"elementor-section elementor-top-section elementor-element elementor-element-8210f9f elementor-section-boxed elementor-section-height-default elementor-section-height-default\" data-id=\"8210f9f\" data-element_type=\"section\">\n\t\t\t\t\t\t<div class=\"elementor-container elementor-column-gap-default\">\n\t\t\t\t\t\t\t<div class=\"elementor-row\">\n\t\t\t\t\t<div class=\"elementor-column elementor-col-100 elementor-top-column elementor-element elementor-element-690a3e9\" data-id=\"690a3e9\" data-element_type=\"column\">\n\t\t\t<div class=\"elementor-column-wrap elementor-element-populated\">\n\t\t\t\t\t\t\t<div class=\"elementor-widget-wrap\">\n\t\t\t\t\t\t<div class=\"elementor-element elementor-element-5664857 elementor-widget elementor-widget-heading\" data-id=\"5664857\" data-element_type=\"widget\" data-widget_type=\"heading.default\">\n\t\t\t\t<div class=\"elementor-widget-container\">\n\t\t\t<h2 class=\"elementor-heading-title elementor-size-default\">Hemos identificado algunas de las preguntas frecuentes que nuestros clientes \nhan realizado y ser\u00e1n \u00fatiles para ti.<\/h2>\t\t<\/div>\n\t\t\t\t<\/div>\n\t\t\t\t\t\t<\/div>\n\t\t\t\t\t<\/div>\n\t\t<\/div>\n\t\t\t\t\t\t\t\t<\/div>\n\t\t\t\t\t<\/div>\n\t\t<\/section>\n\t\t\t\t<section class=\"elementor-section elementor-top-section elementor-element elementor-element-6c697a7 elementor-section-boxed elementor-section-height-default elementor-section-height-default\" data-id=\"6c697a7\" data-element_type=\"section\">\n\t\t\t\t\t\t<div class=\"elementor-container elementor-column-gap-default\">\n\t\t\t\t\t\t\t<div class=\"elementor-row\">\n\t\t\t\t\t<div class=\"elementor-column elementor-col-100 elementor-top-column elementor-element elementor-element-98662a5\" data-id=\"98662a5\" data-element_type=\"column\">\n\t\t\t<div class=\"elementor-column-wrap elementor-element-populated\">\n\t\t\t\t\t\t\t<div class=\"elementor-widget-wrap\">\n\t\t\t\t\t\t<div class=\"elementor-element elementor-element-422e2b1 elementor-widget elementor-widget-eael-adv-accordion\" data-id=\"422e2b1\" data-element_type=\"widget\" data-widget_type=\"eael-adv-accordion.default\">\n\t\t\t\t<div class=\"elementor-widget-container\">\n\t\t\t        <div class=\"eael-adv-accordion\" id=\"eael-adv-accordion-422e2b1\" data-accordion-id=\"422e2b1\" data-accordion-type=\"toggle\" data-toogle-speed=\"300\">\n    <div class=\"eael-accordion-list\">\n                <div id=\"1-cules-son-los-requisitos-para-tener-garanta-seifgo-\" class=\"elementor-tab-title eael-accordion-header\" tabindex=\"6931\" data-tab=\"1\" role=\"tab\" aria-controls=\"elementor-tab-content-6931\"><span class=\"eael-advanced-accordion-icon-closed\"><i aria-hidden=\"true\" class=\"fa-accordion-icon fas fa-question-circle\"><\/i><\/span><span class=\"eael-advanced-accordion-icon-opened\"><i aria-hidden=\"true\" class=\"fa-accordion-icon fas fa-minus\"><\/i><\/span><span class=\"eael-accordion-tab-title\">1.\t\u00bfCu\u00e1les son los requisitos para tener Garant\u00eda SeifGO? <\/span><i aria-hidden=\"true\" class=\"fa-toggle fas fa-angle-right\"><\/i><\/div><div id=\"elementor-tab-content-6931\" class=\"eael-accordion-content clearfix\" data-tab=\"1\" role=\"tabpanel\" aria-labelledby=\"1-cules-son-los-requisitos-para-tener-garanta-seifgo-\"><p><p style=\"text-align: justify;\">El veh\u00edculo debe tener menos de 10 a\u00f1os de antig\u00fcedad (fecha factura de origen), no rebasar los 200,000 km recorridos y aprobar el proceso de inspecci\u00f3n de nuestra \u00e1rea t\u00e9cnica. Para m\u00e1s informaci\u00f3n solicite un asesor al 33 3259 2000<\/p><\/p><\/div>\n                <\/div><div class=\"eael-accordion-list\">\n                <div id=\"2-qu-partes-del-auto-cubre-la-garanta-seifgo-\" class=\"elementor-tab-title eael-accordion-header\" tabindex=\"6932\" data-tab=\"2\" role=\"tab\" aria-controls=\"elementor-tab-content-6932\"><span class=\"eael-advanced-accordion-icon-closed\"><i aria-hidden=\"true\" class=\"fa-accordion-icon fas fa-question-circle\"><\/i><\/span><span class=\"eael-advanced-accordion-icon-opened\"><i aria-hidden=\"true\" class=\"fa-accordion-icon fas fa-minus\"><\/i><\/span><span class=\"eael-accordion-tab-title\">2.\t\u00bfQu\u00e9 partes del auto cubre la Garant\u00eda SeifGO? <\/span><i aria-hidden=\"true\" class=\"fa-toggle fas fa-angle-right\"><\/i><\/div><div id=\"elementor-tab-content-6932\" class=\"eael-accordion-content clearfix\" data-tab=\"2\" role=\"tabpanel\" aria-labelledby=\"2-qu-partes-del-auto-cubre-la-garanta-seifgo-\"><p><p>Motor, Transmisi\u00f3n, Direcci\u00f3n, Sistema de Enfriamiento, Frenos, Sistema<br \/>El\u00e9ctrico, Aire Acondicionado, Sistema de Alimentaci\u00f3n, Diferencial.<br \/><a href=\"https:\/\/seifgo.com\/mx\/seifgo-2\/\">Conoce el listado en este enlace.<\/a><\/p><\/p><\/div>\n                <\/div><div class=\"eael-accordion-list\">\n                <div id=\"3-cuntos-eventos-al-ao-cubre-la-garanta-seifgo-\" class=\"elementor-tab-title eael-accordion-header\" tabindex=\"6933\" data-tab=\"3\" role=\"tab\" aria-controls=\"elementor-tab-content-6933\"><span class=\"eael-advanced-accordion-icon-closed\"><i aria-hidden=\"true\" class=\"fa-accordion-icon fas fa-question-circle\"><\/i><\/span><span class=\"eael-advanced-accordion-icon-opened\"><i aria-hidden=\"true\" class=\"fa-accordion-icon fas fa-minus\"><\/i><\/span><span class=\"eael-accordion-tab-title\">3.\t\u00bfCu\u00e1ntos eventos al a\u00f1o cubre la Garant\u00eda SeifGO? <\/span><i aria-hidden=\"true\" class=\"fa-toggle fas fa-angle-right\"><\/i><\/div><div id=\"elementor-tab-content-6933\" class=\"eael-accordion-content clearfix\" data-tab=\"3\" role=\"tabpanel\" aria-labelledby=\"3-cuntos-eventos-al-ao-cubre-la-garanta-seifgo-\"><p><p style=\"text-align: justify;\">No hay l\u00edmite de eventos durante el periodo contratado<\/p><\/p><\/div>\n                <\/div><div class=\"eael-accordion-list\">\n                <div id=\"4-se-paga-algn-deducible-\" class=\"elementor-tab-title eael-accordion-header\" tabindex=\"6934\" data-tab=\"4\" role=\"tab\" aria-controls=\"elementor-tab-content-6934\"><span class=\"eael-advanced-accordion-icon-closed\"><i aria-hidden=\"true\" class=\"fa-accordion-icon fas fa-question-circle\"><\/i><\/span><span class=\"eael-advanced-accordion-icon-opened\"><i aria-hidden=\"true\" class=\"fa-accordion-icon fas fa-minus\"><\/i><\/span><span class=\"eael-accordion-tab-title\">4.\t\u00bfSe paga alg\u00fan deducible? <\/span><i aria-hidden=\"true\" class=\"fa-toggle fas fa-angle-right\"><\/i><\/div><div id=\"elementor-tab-content-6934\" class=\"eael-accordion-content clearfix\" data-tab=\"4\" role=\"tabpanel\" aria-labelledby=\"4-se-paga-algn-deducible-\"><p><p style=\"text-align: justify;\">Cero deducibles en todos los veh\u00edculos de propulsi\u00f3n a gasolina y di\u00e9sel.<\/p><\/p><\/div>\n                <\/div><div class=\"eael-accordion-list\">\n                <div id=\"5-hasta-que-monto-cubre-la-garanta-seifgo-\" class=\"elementor-tab-title eael-accordion-header\" tabindex=\"6935\" data-tab=\"5\" role=\"tab\" aria-controls=\"elementor-tab-content-6935\"><span class=\"eael-advanced-accordion-icon-closed\"><i aria-hidden=\"true\" class=\"fa-accordion-icon fas fa-question-circle\"><\/i><\/span><span class=\"eael-advanced-accordion-icon-opened\"><i aria-hidden=\"true\" class=\"fa-accordion-icon fas fa-minus\"><\/i><\/span><span class=\"eael-accordion-tab-title\">5.\t\u00bfHasta que monto cubre la Garant\u00eda SeifGO? <\/span><i aria-hidden=\"true\" class=\"fa-toggle fas fa-angle-right\"><\/i><\/div><div id=\"elementor-tab-content-6935\" class=\"eael-accordion-content clearfix\" data-tab=\"5\" role=\"tabpanel\" aria-labelledby=\"5-hasta-que-monto-cubre-la-garanta-seifgo-\"><p><p style=\"text-align: justify;\">El monto m\u00e1ximo a cubrir es por el valor comercial del auto.<\/p><\/p><\/div>\n                <\/div><div class=\"eael-accordion-list\">\n                <div id=\"6-qu-debo-hacer-en-caso-que-mi-auto-sufra-una-avera-\" class=\"elementor-tab-title eael-accordion-header\" tabindex=\"6936\" data-tab=\"6\" role=\"tab\" aria-controls=\"elementor-tab-content-6936\"><span class=\"eael-advanced-accordion-icon-closed\"><i aria-hidden=\"true\" class=\"fa-accordion-icon fas fa-question-circle\"><\/i><\/span><span class=\"eael-advanced-accordion-icon-opened\"><i aria-hidden=\"true\" class=\"fa-accordion-icon fas fa-minus\"><\/i><\/span><span class=\"eael-accordion-tab-title\">6.\t\u00bfQu\u00e9 debo hacer en caso que mi auto sufra una aver\u00eda? <\/span><i aria-hidden=\"true\" class=\"fa-toggle fas fa-angle-right\"><\/i><\/div><div id=\"elementor-tab-content-6936\" class=\"eael-accordion-content clearfix\" data-tab=\"6\" role=\"tabpanel\" aria-labelledby=\"6-qu-debo-hacer-en-caso-que-mi-auto-sufra-una-avera-\"><p><p style=\"text-align: justify;\">En cuanto tengas conocimiento de alguna aver\u00eda, deber\u00e1s reportarla al n\u00famero telef\u00f3nico que aparece en tu Certificado. Proporciona el n\u00famero de Certificado de Garant\u00eda y el asesor te indicar\u00e1 el procedimiento a seguir de acuerdo al plan que hayas contratado.<\/p><\/p><\/div>\n                <\/div><div class=\"eael-accordion-list\">\n                <div id=\"7-puedo-llevar-el-auto-por-mi-cuenta-a-cualquier-taller-para-que-lo-arreglen-y-despus-me-reintegran-el-dinero-\" class=\"elementor-tab-title eael-accordion-header\" tabindex=\"6937\" data-tab=\"7\" role=\"tab\" aria-controls=\"elementor-tab-content-6937\"><span class=\"eael-advanced-accordion-icon-closed\"><i aria-hidden=\"true\" class=\"fa-accordion-icon fas fa-question-circle\"><\/i><\/span><span class=\"eael-advanced-accordion-icon-opened\"><i aria-hidden=\"true\" class=\"fa-accordion-icon fas fa-minus\"><\/i><\/span><span class=\"eael-accordion-tab-title\">7.\t\u00bfPuedo llevar el auto por mi cuenta a cualquier taller para que lo arreglen y despu\u00e9s me reintegran el dinero? <\/span><i aria-hidden=\"true\" class=\"fa-toggle fas fa-angle-right\"><\/i><\/div><div id=\"elementor-tab-content-6937\" class=\"eael-accordion-content clearfix\" data-tab=\"7\" role=\"tabpanel\" aria-labelledby=\"7-puedo-llevar-el-auto-por-mi-cuenta-a-cualquier-taller-para-que-lo-arreglen-y-despus-me-reintegran-el-dinero-\"><p><p style=\"text-align: justify;\">No. En caso de presentar una aver\u00eda siempre debes comunicarte telef\u00f3nicamente con nosotros para iniciar el proceso.<\/p><\/p><\/div>\n                <\/div><div class=\"eael-accordion-list\">\n                <div id=\"8-mi-garanta-seifgo-incluye-los-servicios-de-mantenimiento-\" class=\"elementor-tab-title eael-accordion-header\" tabindex=\"6938\" data-tab=\"8\" role=\"tab\" aria-controls=\"elementor-tab-content-6938\"><span class=\"eael-advanced-accordion-icon-closed\"><i aria-hidden=\"true\" class=\"fa-accordion-icon fas fa-question-circle\"><\/i><\/span><span class=\"eael-advanced-accordion-icon-opened\"><i aria-hidden=\"true\" class=\"fa-accordion-icon fas fa-minus\"><\/i><\/span><span class=\"eael-accordion-tab-title\">8.\t\u00bfMi Garant\u00eda SeifGO incluye los servicios de mantenimiento? <\/span><i aria-hidden=\"true\" class=\"fa-toggle fas fa-angle-right\"><\/i><\/div><div id=\"elementor-tab-content-6938\" class=\"eael-accordion-content clearfix\" data-tab=\"8\" role=\"tabpanel\" aria-labelledby=\"8-mi-garanta-seifgo-incluye-los-servicios-de-mantenimiento-\"><p><p style=\"text-align: justify;\">No. El mantenimiento preventivo y los servicios est\u00e1n a cargo del titular de la unidad. Para que la garant\u00eda siga vigente es indispensable que el veh\u00edculo cumpla con el mantenimiento correspondiente, como se indica en el Certificado de Garant\u00eda. Recuerda guardar los comprobantes de tus servicios.<\/p><\/p><\/div>\n                <\/div><div class=\"eael-accordion-list\">\n                <div id=\"9-aplica-para-todas-las-marcas-en-mxico-\" class=\"elementor-tab-title eael-accordion-header\" tabindex=\"6939\" data-tab=\"9\" role=\"tab\" aria-controls=\"elementor-tab-content-6939\"><span class=\"eael-advanced-accordion-icon-closed\"><i aria-hidden=\"true\" class=\"fa-accordion-icon fas fa-question-circle\"><\/i><\/span><span class=\"eael-advanced-accordion-icon-opened\"><i aria-hidden=\"true\" class=\"fa-accordion-icon fas fa-minus\"><\/i><\/span><span class=\"eael-accordion-tab-title\">9.\t\u00bfAplica para todas las marcas en M\u00e9xico? <\/span><i aria-hidden=\"true\" class=\"fa-toggle fas fa-angle-right\"><\/i><\/div><div id=\"elementor-tab-content-6939\" class=\"eael-accordion-content clearfix\" data-tab=\"9\" role=\"tabpanel\" aria-labelledby=\"9-aplica-para-todas-las-marcas-en-mxico-\"><p><p style=\"text-align: justify;\">Si, aplica para todas las marcas de veh\u00edculos que se venden en M\u00e9xico.<\/p><\/p><\/div>\n                <\/div><div class=\"eael-accordion-list\">\n                <div id=\"10-qu-invalidara-mi-garanta-seifgo-\" class=\"elementor-tab-title eael-accordion-header\" tabindex=\"69310\" data-tab=\"10\" role=\"tab\" aria-controls=\"elementor-tab-content-69310\"><span class=\"eael-advanced-accordion-icon-closed\"><i aria-hidden=\"true\" class=\"fa-accordion-icon fas fa-question-circle\"><\/i><\/span><span class=\"eael-advanced-accordion-icon-opened\"><i aria-hidden=\"true\" class=\"fa-accordion-icon fas fa-minus\"><\/i><\/span><span class=\"eael-accordion-tab-title\">10.\t\u00bfQu\u00e9 invalidar\u00eda mi Garant\u00eda SeifGO? <\/span><i aria-hidden=\"true\" class=\"fa-toggle fas fa-angle-right\"><\/i><\/div><div id=\"elementor-tab-content-69310\" class=\"eael-accordion-content clearfix\" data-tab=\"10\" role=\"tabpanel\" aria-labelledby=\"10-qu-invalidara-mi-garanta-seifgo-\"><p><ul><li style=\"text-align: justify;\">Negligencia en manejo o cuidado del auto.<\/li><li style=\"text-align: justify;\">No realizar el servicio de mantenimiento en tiempo y forma<\/li><li style=\"text-align: justify;\">Si hubo manipulaci\u00f3n del auto en talleres ajenos.<\/li><li style=\"text-align: justify;\">Cuando el VEH\u00cdCULO no haya permanecido inmovilizado en el taller antes de la resoluci\u00f3n.<\/li><li style=\"text-align: justify;\">Da\u00f1os por condiciones meteorol\u00f3gicas.<\/li><li style=\"text-align: justify;\">Da\u00f1os por choques.<\/li><\/ul><\/p><\/div>\n                <\/div><div class=\"eael-accordion-list\">\n                <div id=\"11-cules-son-las-exclusiones-de-la-garanta-seifgo-\" class=\"elementor-tab-title eael-accordion-header\" tabindex=\"69311\" data-tab=\"11\" role=\"tab\" aria-controls=\"elementor-tab-content-69311\"><span class=\"eael-advanced-accordion-icon-closed\"><i aria-hidden=\"true\" class=\"fa-accordion-icon fas fa-question-circle\"><\/i><\/span><span class=\"eael-advanced-accordion-icon-opened\"><i aria-hidden=\"true\" class=\"fa-accordion-icon fas fa-minus\"><\/i><\/span><span class=\"eael-accordion-tab-title\">11.\t\u00bfCu\u00e1les son las exclusiones de la Garant\u00eda SeifGO? <\/span><i aria-hidden=\"true\" class=\"fa-toggle fas fa-angle-right\"><\/i><\/div><div id=\"elementor-tab-content-69311\" class=\"eael-accordion-content clearfix\" data-tab=\"11\" role=\"tabpanel\" aria-labelledby=\"11-cules-son-las-exclusiones-de-la-garanta-seifgo-\"><p><ul><li style=\"text-align: justify;\">Se excluyen de manera expresa los siguientes elementos:<\/li><li style=\"text-align: justify;\">Asientos completos y mecanismos (solo aplica para asientos manuales)<\/li><li style=\"text-align: justify;\">Elementos internos del habit\u00e1culo y maletero (tapizados, guarnecidos, reposabrazos, consolas, soportes, tapas, aireadores, ceniceros, encendedor, l\u00e1mparas).<\/li><li style=\"text-align: justify;\">Neum\u00e1ticos, v\u00e1lvula de rueda y sensor TPMS.<\/li><li style=\"text-align: justify;\">Totalidad de elementos de carrocer\u00eda.<\/li><li style=\"text-align: justify;\">Totalidad de cristales y lunas de espejos.<\/li><li style=\"text-align: justify;\">Faros, intermitentes, calaveras y l\u00e1mparas.<\/li><li style=\"text-align: justify;\">Molduras, embellecedores, espejos retrovisores completos, parachoques.<\/li><li style=\"text-align: justify;\">Consumibles (filtros, cartuchos, aceite, juntas), amortiguadores, escapes, discos de freno, pastillas, correas, servicio peri\u00f3dico, servicios intermedios, lubricantes, combustibles, aditivos, carga de circuito de a\/a (salvo que sea necesario por aver\u00eda cubierta), buj\u00edas, calentadores, bater\u00eda, escobillas, plumas limpia parabrisas.<\/li><li style=\"text-align: justify;\">Elementos que hayan perdido su morfolog\u00eda inicial (bujes, gomas, soportes o juntas)<\/li><\/ul><\/p><\/div>\n                <\/div><div class=\"eael-accordion-list\">\n                <div id=\"12-qu-necesito-para-contratar-mi-garanta-seifgo-\" class=\"elementor-tab-title eael-accordion-header\" tabindex=\"69312\" data-tab=\"12\" role=\"tab\" aria-controls=\"elementor-tab-content-69312\"><span class=\"eael-advanced-accordion-icon-closed\"><i aria-hidden=\"true\" class=\"fa-accordion-icon fas fa-question-circle\"><\/i><\/span><span class=\"eael-advanced-accordion-icon-opened\"><i aria-hidden=\"true\" class=\"fa-accordion-icon fas fa-minus\"><\/i><\/span><span class=\"eael-accordion-tab-title\">12.\t\u00bfQu\u00e9 necesito para contratar mi Garant\u00eda SeifGO? <\/span><i aria-hidden=\"true\" class=\"fa-toggle fas fa-angle-right\"><\/i><\/div><div id=\"elementor-tab-content-69312\" class=\"eael-accordion-content clearfix\" data-tab=\"12\" role=\"tabpanel\" aria-labelledby=\"12-qu-necesito-para-contratar-mi-garanta-seifgo-\"><p><p style=\"text-align: justify;\">Solamente debes comunicarte al 33 3259 2000 o dejar tus datos en <a href=\"https:\/\/seifgo.com\/mx\/cotizacion\/\">este enlace<\/a> y un asesor comercial te ayudar\u00e1 a activar tu Garant\u00eda.<\/p><\/p><\/div>\n                <\/div><div class=\"eael-accordion-list\">\n                <div id=\"13-cul-es-el-costo-de-la-garanta-seifgo-\" class=\"elementor-tab-title eael-accordion-header\" tabindex=\"69313\" data-tab=\"13\" role=\"tab\" aria-controls=\"elementor-tab-content-69313\"><span class=\"eael-advanced-accordion-icon-closed\"><i aria-hidden=\"true\" class=\"fa-accordion-icon fas fa-question-circle\"><\/i><\/span><span class=\"eael-advanced-accordion-icon-opened\"><i aria-hidden=\"true\" class=\"fa-accordion-icon fas fa-minus\"><\/i><\/span><span class=\"eael-accordion-tab-title\">13.\t\u00bfCu\u00e1l es el costo de la Garant\u00eda SeifGO? <\/span><i aria-hidden=\"true\" class=\"fa-toggle fas fa-angle-right\"><\/i><\/div><div id=\"elementor-tab-content-69313\" class=\"eael-accordion-content clearfix\" data-tab=\"13\" role=\"tabpanel\" aria-labelledby=\"13-cul-es-el-costo-de-la-garanta-seifgo-\"><p><p style=\"text-align: justify;\">Depende de cada veh\u00edculo, marca y a\u00f1o. Puedes solicitar tu cotizaci\u00f3n al 33 3259 2000 o <a href=\"https:\/\/seifgo.com\/mx\/cotizacion\/\">d\u00e9janos los datos de tu veh\u00edculo aqu\u00ed<\/a>.<\/p><\/p><\/div>\n                <\/div><div class=\"eael-accordion-list\">\n                <div id=\"14-cmo-puedo-pagar-mi-garanta-seifgo-\" class=\"elementor-tab-title eael-accordion-header\" tabindex=\"69314\" data-tab=\"14\" role=\"tab\" aria-controls=\"elementor-tab-content-69314\"><span class=\"eael-advanced-accordion-icon-closed\"><i aria-hidden=\"true\" class=\"fa-accordion-icon fas fa-question-circle\"><\/i><\/span><span class=\"eael-advanced-accordion-icon-opened\"><i aria-hidden=\"true\" class=\"fa-accordion-icon fas fa-minus\"><\/i><\/span><span class=\"eael-accordion-tab-title\">14.\t\u00bfC\u00f3mo puedo pagar mi Garant\u00eda SeifGO? <\/span><i aria-hidden=\"true\" class=\"fa-toggle fas fa-angle-right\"><\/i><\/div><div id=\"elementor-tab-content-69314\" class=\"eael-accordion-content clearfix\" data-tab=\"14\" role=\"tabpanel\" aria-labelledby=\"14-cmo-puedo-pagar-mi-garanta-seifgo-\"><p><p style=\"text-align: justify;\">Puedes realizar tu pago con tarjeta de cr\u00e9dito o d\u00e9bito en l\u00ednea, a trav\u00e9s de Mercado Pago o PayPal. Tambi\u00e9n puedes realizar dep\u00f3sito o transferencia interbancaria. Solicita a tu asesor la informaci\u00f3n para realizar tu pago.<\/p><\/p><\/div>\n                <\/div><div class=\"eael-accordion-list\">\n                <div id=\"15-an-estoy-pagando-mi-auto-y-se-me-termin-la-garanta-de-fbrica-puedo-contratar-la-garanta-seifgo-\" class=\"elementor-tab-title eael-accordion-header\" tabindex=\"69315\" data-tab=\"15\" role=\"tab\" aria-controls=\"elementor-tab-content-69315\"><span class=\"eael-advanced-accordion-icon-closed\"><i aria-hidden=\"true\" class=\"fa-accordion-icon fas fa-question-circle\"><\/i><\/span><span class=\"eael-advanced-accordion-icon-opened\"><i aria-hidden=\"true\" class=\"fa-accordion-icon fas fa-minus\"><\/i><\/span><span class=\"eael-accordion-tab-title\">15.\tA\u00fan estoy pagando mi auto y se me termin\u00f3 la Garant\u00eda de f\u00e1brica, \u00bfpuedo contratar la Garant\u00eda SeifGO? <\/span><i aria-hidden=\"true\" class=\"fa-toggle fas fa-angle-right\"><\/i><\/div><div id=\"elementor-tab-content-69315\" class=\"eael-accordion-content clearfix\" data-tab=\"15\" role=\"tabpanel\" aria-labelledby=\"15-an-estoy-pagando-mi-auto-y-se-me-termin-la-garanta-de-fbrica-puedo-contratar-la-garanta-seifgo-\"><p><p style=\"text-align: justify;\">Si, puedes activar la extensi\u00f3n de tu garant\u00eda y seguir cuidando tu inversi\u00f3n.<\/p><\/p><\/div>\n                <\/div><div class=\"eael-accordion-list\">\n                <div id=\"16-puedo-transferir-mi-garanta-seifgo-a-otra-persona-\" class=\"elementor-tab-title eael-accordion-header\" tabindex=\"69316\" data-tab=\"16\" role=\"tab\" aria-controls=\"elementor-tab-content-69316\"><span class=\"eael-advanced-accordion-icon-closed\"><i aria-hidden=\"true\" class=\"fa-accordion-icon fas fa-question-circle\"><\/i><\/span><span class=\"eael-advanced-accordion-icon-opened\"><i aria-hidden=\"true\" class=\"fa-accordion-icon fas fa-minus\"><\/i><\/span><span class=\"eael-accordion-tab-title\">16.\t\u00bfPuedo transferir mi Garant\u00eda SeifGO a otra persona? <\/span><i aria-hidden=\"true\" class=\"fa-toggle fas fa-angle-right\"><\/i><\/div><div id=\"elementor-tab-content-69316\" class=\"eael-accordion-content clearfix\" data-tab=\"16\" role=\"tabpanel\" aria-labelledby=\"16-puedo-transferir-mi-garanta-seifgo-a-otra-persona-\"><p><p style=\"text-align: justify;\">S\u00ed, es posible realizar un cambio de titularidad a una persona distinta a la que figura en el Certificado de Garant\u00eda. Esto es muy com\u00fan en caso de venta del veh\u00edculo. Ser\u00e1 necesario notificar el cambio dentro de los 15 d\u00edas de producida la transferencia llamando al 33 3259 2000. Se requerir\u00e1n los datos del nuevo propietario para completar el registro.<\/p><p style=\"text-align: justify;\">La garant\u00eda de un auto no es transferible a otro veh\u00edculo. Para dar garant\u00eda a uno nuevo se requiere una nueva contrataci\u00f3n.<\/p><\/p><\/div>\n                <\/div><div class=\"eael-accordion-list\">\n                <div id=\"17-dnde-es-vlida-la-garanta-seifgo-\" class=\"elementor-tab-title eael-accordion-header\" tabindex=\"69317\" data-tab=\"17\" role=\"tab\" aria-controls=\"elementor-tab-content-69317\"><span class=\"eael-advanced-accordion-icon-closed\"><i aria-hidden=\"true\" class=\"fa-accordion-icon fas fa-question-circle\"><\/i><\/span><span class=\"eael-advanced-accordion-icon-opened\"><i aria-hidden=\"true\" class=\"fa-accordion-icon fas fa-minus\"><\/i><\/span><span class=\"eael-accordion-tab-title\">17.\t\u00bfD\u00f3nde es v\u00e1lida la garant\u00eda SeifGO? <\/span><i aria-hidden=\"true\" class=\"fa-toggle fas fa-angle-right\"><\/i><\/div><div id=\"elementor-tab-content-69317\" class=\"eael-accordion-content clearfix\" data-tab=\"17\" role=\"tabpanel\" aria-labelledby=\"17-dnde-es-vlida-la-garanta-seifgo-\"><p><p style=\"text-align: justify;\">Es v\u00e1lida a nivel nacional, aun cuando te encuentres fuera de tu ciudad.<\/p><\/p><\/div>\n                <\/div><div class=\"eael-accordion-list\">\n                <div id=\"18-cules-son-los-das-y-horarios-de-atencin-de-seifgo-garantas-\" class=\"elementor-tab-title eael-accordion-header\" tabindex=\"69318\" data-tab=\"18\" role=\"tab\" aria-controls=\"elementor-tab-content-69318\"><span class=\"eael-advanced-accordion-icon-closed\"><i aria-hidden=\"true\" class=\"fa-accordion-icon fas fa-question-circle\"><\/i><\/span><span class=\"eael-advanced-accordion-icon-opened\"><i aria-hidden=\"true\" class=\"fa-accordion-icon fas fa-minus\"><\/i><\/span><span class=\"eael-accordion-tab-title\">18.\t\u00bfCu\u00e1les son los d\u00edas y horarios de atenci\u00f3n de SeifGO Garant\u00edas? <\/span><i aria-hidden=\"true\" class=\"fa-toggle fas fa-angle-right\"><\/i><\/div><div id=\"elementor-tab-content-69318\" class=\"eael-accordion-content clearfix\" data-tab=\"18\" role=\"tabpanel\" aria-labelledby=\"18-cules-son-los-das-y-horarios-de-atencin-de-seifgo-garantas-\"><p><p>Lunes a Viernes de 9:00 a 19:00<\/p><p>S\u00e1bados de 10:00 a 14:00<\/p><\/p><\/div>\n                <\/div><\/div>\t\t<\/div>\n\t\t\t\t<\/div>\n\t\t\t\t\t\t<\/div>\n\t\t\t\t\t<\/div>\n\t\t<\/div>\n\t\t\t\t\t\t\t\t<\/div>\n\t\t\t\t\t<\/div>\n\t\t<\/section>\n\t\t\t\t\t\t<\/div>\n\t\t\t\t\t\t<\/div>\n\t\t\t\t\t<\/div>\n\t\t","protected":false},"excerpt":{"rendered":"<p>Hemos identificado algunas de las preguntas frecuentes que nuestros clientes han realizado y ser\u00e1n \u00fatiles para ti. 1. \u00bfCu\u00e1les son los requisitos para tener Garant\u00eda<\/p>\n<p><a href=\"https:\/\/seifgo.com\/mx\/faq\/\" class=\"more-link\">Continuar<span class=\"screen-reader-text\">Preguntas Frecuentes<\/span><\/a><\/p>\n","protected":false},"author":1,"featured_media":0,"parent":0,"menu_order":0,"comment_status":"closed","ping_status":"closed","template":"elementor_theme","meta":{"footnotes":""},"class_list":["post-2486","page","type-page","status-publish","hentry"],"_links":{"self":[{"href":"https:\/\/seifgo.com\/mx\/wp-json\/wp\/v2\/pages\/2486","targetHints":{"allow":["GET"]}}],"collection":[{"href":"https:\/\/seifgo.com\/mx\/wp-json\/wp\/v2\/pages"}],"about":[{"href":"https:\/\/seifgo.com\/mx\/wp-json\/wp\/v2\/types\/page"}],"author":[{"embeddable":true,"href":"https:\/\/seifgo.com\/mx\/wp-json\/wp\/v2\/users\/1"}],"replies":[{"embeddable":true,"href":"https:\/\/seifgo.com\/mx\/wp-json\/wp\/v2\/comments?post=2486"}],"version-history":[{"count":101,"href":"https:\/\/seifgo.com\/mx\/wp-json\/wp\/v2\/pages\/2486\/revisions"}],"predecessor-version":[{"id":2758,"href":"https:\/\/seifgo.com\/mx\/wp-json\/wp\/v2\/pages\/2486\/revisions\/2758"}],"wp:attachment":[{"href":"https:\/\/seifgo.com\/mx\/wp-json\/wp\/v2\/media?parent=2486"}],"curies":[{"name":"wp","href":"https:\/\/api.w.org\/{rel}","templated":true}]}}